{"id":613,"date":"2023-04-25T13:55:57","date_gmt":"2023-04-25T13:55:57","guid":{"rendered":"https:\/\/inlitas.org\/bacasable\/?page_id=613"},"modified":"2024-02-27T08:45:47","modified_gmt":"2024-02-27T08:45:47","slug":"ecil-conference","status":"publish","type":"page","link":"https:\/\/inlitas.org\/fr\/ecil-conference\/","title":{"rendered":"Conf\u00e9rence ECIL"},"content":{"rendered":"<div class=\"wp-block-cover alignfull is-light\" style=\"min-height:420px;aspect-ratio:unset;\"><span aria-hidden=\"true\" class=\"wp-block-cover__background has-background-dim-100 has-background-dim has-background-gradient\" style=\"background:linear-gradient(90deg,rgb(137,228,140) 0%,rgb(182,227,212) 50%,rgb(59,89,182) 100%)\"><\/span><div class=\"wp-block-cover__inner-container is-layout-flow wp-block-cover-is-layout-flow\">\n<div class=\"inherit-container-width wp-block-group alignwide is-layout-constrained wp-block-group-is-layout-constrained\">\n<div class=\"wp-block-media-text alignwide has-media-on-the-right is-stacked-on-mobile is-vertically-aligned-center\" style=\"grid-template-columns:auto 23%\"><div class=\"wp-block-media-text__content\">\n<h1 class=\"wp-block-heading has-text-align-left has-white-color has-text-color\">Conf\u00e9rence Europ\u00e9enne sur la Ma\u00eetrise de l'Information (ECIL)<\/h1>\n\n\n\n<p class=\"has-medium-font-size\">ECIL est une conf\u00e9rence interdisciplinaire qui se concentre sur l'intersection de la ma\u00eetrise de l'information, de l'\u00e9ducation aux m\u00e9dias, de la litt\u00e9ratie num\u00e9rique et de l'apprentissage tout au long de la vie. La conf\u00e9rence vise \u00e0 rassembler des chercheurs, des professionnels de l'information, des sp\u00e9cialistes des m\u00e9dias, des \u00e9ducateurs et des d\u00e9cideurs politiques du monde entier afin d'\u00e9changer des connaissances et des exp\u00e9riences et de discuter des questions d'actualit\u00e9, des d\u00e9veloppements r\u00e9cents, des d\u00e9fis, des th\u00e9ories et des bonnes pratiques dans ces domaines. La conf\u00e9rence a r\u00e9ussi \u00e0 cr\u00e9er une plateforme permettant aux universitaires, aux praticiens et aux d\u00e9cideurs politiques d'interagir et de s'engager les uns avec les autres de mani\u00e8re fructueuse.<\/p>\n<\/div><figure class=\"wp-block-media-text__media\"><img loading=\"lazy\" decoding=\"async\" width=\"396\" height=\"361\" src=\"https:\/\/inlitas.org\/wp-content\/uploads\/2023\/07\/ECIL-Logo.png\" alt=\"\" class=\"wp-image-1378 size-full\" title=\"\" srcset=\"https:\/\/inlitas.org\/wp-content\/uploads\/2023\/07\/ECIL-Logo.png 396w, https:\/\/inlitas.org\/wp-content\/uploads\/2023\/07\/ECIL-Logo-300x273.png 300w\" sizes=\"auto, (max-width: 396px) 100vw, 396px\" \/><\/figure><\/div>\n<\/div>\n<\/div><\/div>\n\n\n\n<p><\/p>\n\n\n\n<p>La Conf\u00e9rence europ\u00e9enne sur la ma\u00eetrise de l'information (ECIL) est une conf\u00e9rence internationale prestigieuse organis\u00e9e depuis 2013 par le D\u00e9partement de gestion de l'information de l'Universit\u00e9 Hacettepe en Turquie et le D\u00e9partement des sciences de l'information et de la communication de l'Universit\u00e9 de Zagreb en Croatie. En 2016, l'ECIL a accueilli un nouveau co-organisateur, InLitAs.<\/p>\n\n\n\n<p>ECIL est une conf\u00e9rence interdisciplinaire qui se concentre sur l'intersection de la ma\u00eetrise de l'information, de l'\u00e9ducation aux m\u00e9dias, de la litt\u00e9ratie num\u00e9rique et de l'apprentissage tout au long de la vie. La conf\u00e9rence vise \u00e0 rassembler des chercheurs, des professionnels de l'information, des sp\u00e9cialistes des m\u00e9dias, des \u00e9ducateurs et des d\u00e9cideurs politiques du monde entier afin d'\u00e9changer des connaissances et des exp\u00e9riences et de discuter des questions d'actualit\u00e9, des d\u00e9veloppements r\u00e9cents, des d\u00e9fis, des th\u00e9ories et des bonnes pratiques dans ces domaines. La conf\u00e9rence a r\u00e9ussi \u00e0 cr\u00e9er une plateforme permettant aux universitaires, aux praticiens et aux d\u00e9cideurs politiques d'interagir et de s'engager les uns avec les autres de mani\u00e8re fructueuse.<\/p>\n\n\n\n<p>L'ECIL est r\u00e9put\u00e9e pour la qualit\u00e9 de ses pr\u00e9sentations, de ses discours d'ouverture et de ses ateliers, qui offrent un aper\u00e7u pr\u00e9cieux des derni\u00e8res recherches et innovations dans ce domaine. La conf\u00e9rence couvre un large \u00e9ventail de sujets, y compris, mais sans s'y limiter : L'\u00e9ducation \u00e0 l'information et \u00e0 la culture num\u00e9rique, la recherche d'information, le comportement de recherche d'information, la politique de l'information, le libre acc\u00e8s, l'\u00e9thique de l'information, le comportement face \u00e0 l'information, la ma\u00eetrise de l'information et des m\u00e9dias, la citoyennet\u00e9 num\u00e9rique, la pens\u00e9e critique et l'\u00e9valuation de la ma\u00eetrise de l'information. Les comptes rendus sont publi\u00e9s par Springer. La conf\u00e9rence offre \u00e9galement aux participants la possibilit\u00e9 de nouer des contacts avec des coll\u00e8gues, d'\u00e9changer des id\u00e9es et d'explorer des collaborations potentielles. <a rel=\"noreferrer noopener nofollow\" href=\"https:\/\/link.springer.com\/conference\/ecil\" target=\"_blank\">Springer.<\/a> The conference also provides opportunities for participants to network with colleagues, exchange ideas, and explore potential collaborations.<\/p>\n\n\n\n<p>De 2013 \u00e0 2018, l'ECIL \u00e9tait une conf\u00e9rence annuelle, et \u00e0 partir de 2020, elle est devenue semestrielle. La conf\u00e9rence se tient chaque ann\u00e9e dans un pays europ\u00e9en diff\u00e9rent afin de permettre aux participants de d\u00e9couvrir des cultures diff\u00e9rentes et d'exp\u00e9rimenter les diverses perspectives qui existent dans le domaine de la ma\u00eetrise de l'information. Depuis sa cr\u00e9ation, l'ECIL s'est tenue dans des pays tels que la Turquie, la Croatie, l'Estonie, Prague, la France et l'Allemagne. Cependant, la conf\u00e9rence de 2020 \u00e0 Bamberg, en Allemagne, a \u00e9t\u00e9 report\u00e9e en raison de la pand\u00e9mie de COVID-19, et la conf\u00e9rence de 2021 s'est tenue en ligne.<\/p>\n\n\n\n<p>L'ECIL attire un public diversifi\u00e9 de plus de 50 pays, notamment des universitaires, des biblioth\u00e9caires, des professionnels de l'information, des d\u00e9cideurs politiques et des \u00e9ducateurs. Les actes de la conf\u00e9rence sont publi\u00e9s par Springer, l'un des \u00e9diteurs universitaires les plus respect\u00e9s au monde. Les actes sont largement lus par les universitaires, les chercheurs et les praticiens dans le domaine, et ils constituent une source d'information importante pour ceux qui s'int\u00e9ressent aux derniers d\u00e9veloppements en mati\u00e8re de ma\u00eetrise de l'information.<\/p>\n\n\n\n<p>En conclusion, ECIL est une conf\u00e9rence internationale importante qui offre aux universitaires, aux chercheurs et aux praticiens dans le domaine de la ma\u00eetrise de l'information l'occasion de partager leurs connaissances, leurs exp\u00e9riences et leurs points de vue. La conf\u00e9rence est devenue une plateforme significative pour promouvoir l'importance de la ma\u00eetrise de l'information et le r\u00f4le qu'elle joue dans la promotion de l'apprentissage tout au long de la vie et l'am\u00e9lioration de l'engagement civique. Le succ\u00e8s de l'ECIL peut \u00eatre attribu\u00e9 \u00e0 sa nature interdisciplinaire, \u00e0 son engagement en faveur de l'innovation et \u00e0 sa volont\u00e9 de cr\u00e9er un espace de dialogue et de collaboration entre ses participants.<\/p>\n\n\n\n<h2 class=\"wp-block-heading\">Publications sur ECIL<\/h2>\n\n\n\n\t\t\t<div class=\"wp-block-uagb-post-grid uagb-post-grid  uagb-post__image-position-top uagb-post__image-enabled uagb-block-35e2f346     uagb-post__items uagb-post__columns-3 is-grid uagb-post__columns-tablet-2 uagb-post__columns-mobile-1 uagb-post__equal-height uagb-equal_height_inline-read-more-buttons\" data-total=\"21\" style=\"\">\n\n\t\t\t\t\t\t\t\t\t\t\t\t<article class=\"uagb-post__inner-wrap\">\t\t\t\t\t\t\t\t<h4 class=\"uagb-post__title uagb-post__text\">\n\t\t\t\t<a href=\"https:\/\/inlitas.org\/fr\/how-students-seek-information-in-the-context-of-fitness-and-physical-exercise\/\" target=\"_self\" rel=\"bookmark noopener noreferrer\">Comment les \u00e9tudiants recherchent des informations dans le contexte du fitness et de l'exercice physique<\/a>\n\t\t\t<\/h4>\n\t\t\t\t\t\t<div class='uagb-post__text uagb-post-grid-byline'>\n\t\t\t\t\t\t\t\t<time datetime=\"2023-10-17T16:33:00+00:00\" class=\"uagb-post__date\">\n\t\t\t\t<span class=\"dashicons-calendar dashicons\"><\/span>\t\t\t\t\toctobre 17, 2023\t\t\t\t<\/time>\n\t\t\t\t\t\t\t<span class=\"uagb-post__comment\">\n\t\t\t\t<span class=\"dashicons-admin-comments dashicons\"><\/span>\t\t\t\t\tAucun commentaire\t\t\t\t<\/span>\n\t\t\t\t\t\t<\/div>\n\t\t\t\t\t\t\t<div class='uagb-post__text uagb-post__excerpt'>\n\t\t\t\t\t<p>Introduction In the last decades, our society evolved from information scarcity to information abundance. For&#8230;\t\t\t\t<\/div>\n\t\t\t\t\t\t<div class=\"uagb-post__text uagb-post__cta wp-block-button\">\n\t\t\t\t<a class=\"wp-block-button__link uagb-text-link\" style=\"\" href=\"https:\/\/inlitas.org\/fr\/how-students-seek-information-in-the-context-of-fitness-and-physical-exercise\/\" target=\"_self\" rel=\"bookmark noopener noreferrer\">Lire la suite<\/a>\n\t\t\t<\/div>\n\t\t\t\n\t\t\t\t\t\t\t\t\t<\/article>\n\t\t\t\t\t\t\t\t\t\t\t\t\t\t\t\t<article class=\"uagb-post__inner-wrap\">\t\t\t\t\t\t\t\t<h4 class=\"uagb-post__title uagb-post__text\">\n\t\t\t\t<a href=\"https:\/\/inlitas.org\/fr\/supporting-students-digital-literacy\/\" target=\"_self\" rel=\"bookmark noopener noreferrer\">Soutenir la culture num\u00e9rique des \u00e9tudiants<\/a>\n\t\t\t<\/h4>\n\t\t\t\t\t\t<div class='uagb-post__text uagb-post-grid-byline'>\n\t\t\t\t\t\t\t\t<time datetime=\"2023-10-10T16:39:00+00:00\" class=\"uagb-post__date\">\n\t\t\t\t<span class=\"dashicons-calendar dashicons\"><\/span>\t\t\t\t\toctobre 10, 2023\t\t\t\t<\/time>\n\t\t\t\t\t\t\t<span class=\"uagb-post__comment\">\n\t\t\t\t<span class=\"dashicons-admin-comments dashicons\"><\/span>\t\t\t\t\tAucun commentaire\t\t\t\t<\/span>\n\t\t\t\t\t\t<\/div>\n\t\t\t\t\t\t\t<div class='uagb-post__text uagb-post__excerpt'>\n\t\t\t\t\t<p>In September 2021 the Norwegian government launched its \u201cStrategy for digital transformation in higher education&#8230;\t\t\t\t<\/div>\n\t\t\t\t\t\t<div class=\"uagb-post__text uagb-post__cta wp-block-button\">\n\t\t\t\t<a class=\"wp-block-button__link uagb-text-link\" style=\"\" href=\"https:\/\/inlitas.org\/fr\/supporting-students-digital-literacy\/\" target=\"_self\" rel=\"bookmark noopener noreferrer\">Lire la suite<\/a>\n\t\t\t<\/div>\n\t\t\t\n\t\t\t\t\t\t\t\t\t<\/article>\n\t\t\t\t\t\t\t\t\t\t\t\t\t\t\t\t<article class=\"uagb-post__inner-wrap\">\t\t\t\t\t\t\t\t<h4 class=\"uagb-post__title uagb-post__text\">\n\t\t\t\t<a href=\"https:\/\/inlitas.org\/fr\/promoting-the-information-literacy-research-collaboration-in-the-citizen-science-projects\/\" target=\"_self\" rel=\"bookmark noopener noreferrer\">Promouvoir la ma\u00eetrise de l'information : Collaboration en mati\u00e8re de recherche dans les projets de sciences citoyennes<\/a>\n\t\t\t<\/h4>\n\t\t\t\t\t\t<div class='uagb-post__text uagb-post-grid-byline'>\n\t\t\t\t\t\t\t\t<time datetime=\"2023-10-10T15:29:00+00:00\" class=\"uagb-post__date\">\n\t\t\t\t<span class=\"dashicons-calendar dashicons\"><\/span>\t\t\t\t\toctobre 10, 2023\t\t\t\t<\/time>\n\t\t\t\t\t\t\t<span class=\"uagb-post__comment\">\n\t\t\t\t<span class=\"dashicons-admin-comments dashicons\"><\/span>\t\t\t\t\tAucun commentaire\t\t\t\t<\/span>\n\t\t\t\t\t\t<\/div>\n\t\t\t\t\t\t\t<div class='uagb-post__text uagb-post__excerpt'>\n\t\t\t\t\t<p>Purpose This report highlights the extending role of libraries and other memory institutions due to&#8230;\t\t\t\t<\/div>\n\t\t\t\t\t\t<div class=\"uagb-post__text uagb-post__cta wp-block-button\">\n\t\t\t\t<a class=\"wp-block-button__link uagb-text-link\" style=\"\" href=\"https:\/\/inlitas.org\/fr\/promoting-the-information-literacy-research-collaboration-in-the-citizen-science-projects\/\" target=\"_self\" rel=\"bookmark noopener noreferrer\">Lire la suite<\/a>\n\t\t\t<\/div>\n\t\t\t\n\t\t\t\t\t\t\t\t\t<\/article>\n\t\t\t\t\t\t\t\t\t\t\t\t\t\t\t\t<article class=\"uagb-post__inner-wrap\">\t\t\t\t\t\t\t\t<h4 class=\"uagb-post__title uagb-post__text\">\n\t\t\t\t<a href=\"https:\/\/inlitas.org\/fr\/an-archipelago-of-library-and-information-science\/\" target=\"_self\" rel=\"bookmark noopener noreferrer\">Un archipel de biblioth\u00e8ques et de sciences de l'information<\/a>\n\t\t\t<\/h4>\n\t\t\t\t\t\t<div class='uagb-post__text uagb-post-grid-byline'>\n\t\t\t\t\t\t\t\t<time datetime=\"2023-10-16T09:10:00+00:00\" class=\"uagb-post__date\">\n\t\t\t\t<span class=\"dashicons-calendar dashicons\"><\/span>\t\t\t\t\toctobre 16, 2023\t\t\t\t<\/time>\n\t\t\t\t\t\t\t<span class=\"uagb-post__comment\">\n\t\t\t\t<span class=\"dashicons-admin-comments dashicons\"><\/span>\t\t\t\t\tAucun commentaire\t\t\t\t<\/span>\n\t\t\t\t\t\t<\/div>\n\t\t\t\t\t\t\t<div class='uagb-post__text uagb-post__excerpt'>\n\t\t\t\t\t<p>Professor Jenna Hartel loves to survey the landscape of ideas in Library and Information Science&#8230;.\t\t\t\t<\/div>\n\t\t\t\t\t\t<div class=\"uagb-post__text uagb-post__cta wp-block-button\">\n\t\t\t\t<a class=\"wp-block-button__link uagb-text-link\" style=\"\" href=\"https:\/\/inlitas.org\/fr\/an-archipelago-of-library-and-information-science\/\" target=\"_self\" rel=\"bookmark noopener noreferrer\">Lire la suite<\/a>\n\t\t\t<\/div>\n\t\t\t\n\t\t\t\t\t\t\t\t\t<\/article>\n\t\t\t\t\t\t\t\t\t\t\t\t\t\t\t\t<article class=\"uagb-post__inner-wrap\">\t\t\t\t\t\t\t\t<h4 class=\"uagb-post__title uagb-post__text\">\n\t\t\t\t<a href=\"https:\/\/inlitas.org\/fr\/information-literacy-workshops-from-on-site-to-online-lessons-learned\/\" target=\"_self\" rel=\"bookmark noopener noreferrer\">Ateliers de ma\u00eetrise de l'information : du sur place au en ligne - Le\u00e7ons apprises<\/a>\n\t\t\t<\/h4>\n\t\t\t\t\t\t<div class='uagb-post__text uagb-post-grid-byline'>\n\t\t\t\t\t\t\t\t<time datetime=\"2023-10-10T14:30:00+00:00\" class=\"uagb-post__date\">\n\t\t\t\t<span class=\"dashicons-calendar dashicons\"><\/span>\t\t\t\t\toctobre 10, 2023\t\t\t\t<\/time>\n\t\t\t\t\t\t\t<span class=\"uagb-post__comment\">\n\t\t\t\t<span class=\"dashicons-admin-comments dashicons\"><\/span>\t\t\t\t\tAucun commentaire\t\t\t\t<\/span>\n\t\t\t\t\t\t<\/div>\n\t\t\t\t\t\t\t<div class='uagb-post__text uagb-post__excerpt'>\n\t\t\t\t\t<p>This best practice case presents the development of information literacy workshops embedded in a bachelor\u2019s&#8230;\t\t\t\t<\/div>\n\t\t\t\t\t\t<div class=\"uagb-post__text uagb-post__cta wp-block-button\">\n\t\t\t\t<a class=\"wp-block-button__link uagb-text-link\" style=\"\" href=\"https:\/\/inlitas.org\/fr\/information-literacy-workshops-from-on-site-to-online-lessons-learned\/\" target=\"_self\" rel=\"bookmark noopener noreferrer\">Lire la suite<\/a>\n\t\t\t<\/div>\n\t\t\t\n\t\t\t\t\t\t\t\t\t<\/article>\n\t\t\t\t\t\t\t\t\t\t\t\t\t\t\t\t<article class=\"uagb-post__inner-wrap\">\t\t\t\t\t\t\t\t<h4 class=\"uagb-post__title uagb-post__text\">\n\t\t\t\t<a href=\"https:\/\/inlitas.org\/fr\/how-do-instruction-librarians-continue-learning-new-concepts-and-skills-throughout-their-careers-stories-and-best-practices-from-north-american-instruction-librarians\/\" target=\"_self\" rel=\"bookmark noopener noreferrer\">Comment les biblioth\u00e9caires \u00e9ducateurs continuent ils \u00e0 apprendre de nouveaux concepts et de nouvelles comp\u00e9tences tout au long de leur carri\u00e8re ? Histoires et meilleures pratiques de biblioth\u00e9caires d'enseignement nord-am\u00e9ricains<\/a>\n\t\t\t<\/h4>\n\t\t\t\t\t\t<div class='uagb-post__text uagb-post-grid-byline'>\n\t\t\t\t\t\t\t\t<time datetime=\"2023-10-10T02:25:00+00:00\" class=\"uagb-post__date\">\n\t\t\t\t<span class=\"dashicons-calendar dashicons\"><\/span>\t\t\t\t\toctobre 10, 2023\t\t\t\t<\/time>\n\t\t\t\t\t\t\t<span class=\"uagb-post__comment\">\n\t\t\t\t<span class=\"dashicons-admin-comments dashicons\"><\/span>\t\t\t\t\tAucun commentaire\t\t\t\t<\/span>\n\t\t\t\t\t\t<\/div>\n\t\t\t\t\t\t\t<div class='uagb-post__text uagb-post__excerpt'>\n\t\t\t\t\t<p>Introduction &amp; Literature Review Instruction librarians are at the forefront of introducing learners to new&#8230;\t\t\t\t<\/div>\n\t\t\t\t\t\t<div class=\"uagb-post__text uagb-post__cta wp-block-button\">\n\t\t\t\t<a class=\"wp-block-button__link uagb-text-link\" style=\"\" href=\"https:\/\/inlitas.org\/fr\/how-do-instruction-librarians-continue-learning-new-concepts-and-skills-throughout-their-careers-stories-and-best-practices-from-north-american-instruction-librarians\/\" target=\"_self\" rel=\"bookmark noopener noreferrer\">Lire la suite<\/a>\n\t\t\t<\/div>\n\t\t\t\n\t\t\t\t\t\t\t\t\t<\/article>\n\t\t\t\t\t\t\t\t\t\t\t\t\t<div class=\"uagb-post-pagination-wrap\">\n\t\t\t\t\t\t<span aria-current=\"page\" class=\"page-numbers current\">1<\/span>\n<a class=\"page-numbers\" href=\"https:\/\/inlitas.org\/fr\/wp-json\/wp\/v2\/pages\/613\/page\/2\/\">2<\/a>\n<a class=\"page-numbers\" href=\"https:\/\/inlitas.org\/fr\/wp-json\/wp\/v2\/pages\/613\/page\/3\/\">3<\/a>\n<a class=\"page-numbers\" href=\"https:\/\/inlitas.org\/fr\/wp-json\/wp\/v2\/pages\/613\/page\/4\/\">4<\/a>\n<a class=\"page-numbers\" href=\"https:\/\/inlitas.org\/fr\/wp-json\/wp\/v2\/pages\/613\/page\/5\/\">5<\/a>\n<span class=\"page-numbers dots\">\u2026<\/span>\n<a class=\"page-numbers\" href=\"https:\/\/inlitas.org\/fr\/wp-json\/wp\/v2\/pages\/613\/page\/7\/\">7<\/a>\n<a class=\"page-numbers\" href=\"https:\/\/inlitas.org\/fr\/wp-json\/wp\/v2\/pages\/613\/page\/8\/\">8<\/a>\n<a class=\"page-numbers\" href=\"https:\/\/inlitas.org\/fr\/wp-json\/wp\/v2\/pages\/613\/page\/9\/\">9<\/a>\n<a class=\"page-numbers\" href=\"https:\/\/inlitas.org\/fr\/wp-json\/wp\/v2\/pages\/613\/page\/10\/\">10<\/a>\n<a class=\"next page-numbers\" href=\"https:\/\/inlitas.org\/fr\/wp-json\/wp\/v2\/pages\/613\/page\/2\/\">Next \u00bb<\/a>\t\t\t\t\t<\/div>\n\t\t\t\t\t\t\t\t<\/div>\n\t\t\t\n\n\n<h2 class=\"wp-block-heading\">Plus d'informations<\/h2>\n\n\n        <style type=\"text\/css\">\n                .fts-facebook-add-more-posts-notice {\n            display: none !important;\n        }\n        \n        <\/style><div class=\"fts-jal-fb-header\"><h1 ><a href=\"https:\/\/www.facebook.com\/571454716331266\/\" target=\"_blank\" rel=\"noreferrer nofollow noopener\">ECIL - Conf\u00e9rence europ\u00e9enne sur la ma\u00eetrise de l'information<\/a><\/h1><div class=\"fts-jal-fb-group-header-desc\">Co-organis\u00e9 par le D\u00e9partement de gestion de l'information de l'Universit\u00e9 de Hacettepe, le D\u00e9partement des sciences de l'information et de la communication de l'Universit\u00e9 de Zagreb et l'Association pour la ma\u00eetrise de l'information (InLitAs).<\/div><\/div><div class=\"fts-jal-fb-group-display fts-simple-fb-wrapper feed_dynamic_classxepyrnewey_page\"><div class='fts-fb-photo-post-wrap fts-jal-single-fb-post' ><div  class=\"fts-jal-fb-right-wrap\"><div class=\"fts-jal-fb-top-wrap\"><div class=\"fts-jal-fb-user-thumb\"><a href=\"https:\/\/www.facebook.com\/571454716331266\" target=\"_blank\" rel=\"noreferrer nofollow noopener\"><img decoding=\"async\" border=\"0\" alt=\"ECIL - European Conference on Information Literacy\" src=\"https:\/\/scontent-lhr8-1.xx.fbcdn.net\/v\/t39.30808-1\/327139873_848774036229491_3981076868296232232_n.jpg?stp=c0.0.809.809a_cp0_dst-jpg_s50x50_tt6&amp;_nc_cat=108&amp;ccb=1-7&amp;_nc_sid=f907e8&amp;_nc_ohc=07GdFw-8WlMQ7kNvwGR5oJg&amp;_nc_oc=Ado6dzbDbV50AAYuFJ9WZ58VqeLzY_JErsioxnkSUxjmZ96Q0OPgMZVfIUnVZGx3ka0&amp;_nc_zt=24&amp;_nc_ht=scontent-lhr8-1.xx&amp;edm=AJdBtusEAAAA&amp;_nc_gid=eIAOw9wepJCAHAy0OXb8RQ&amp;_nc_tpa=Q5bMBQFuYFIm06NC89brN7IYbcwdwyuEJHlLEwP27RrSZ4VmeKV1cXhEa5wprBFb52djpjda9Jjz47LcmQ&amp;oh=00_Af20yT39WS3DLPnr-buX5uEuz3bmUPGYN-NmE2C13T4DMw&amp;oe=69F7EF10\" title=\"\"><\/a><\/div><span class=\"fts-jal-fb-user-name\"><a href=\"https:\/\/www.facebook.com\/571454716331266\" target=\"_blank\" rel=\"noreferrer nofollow noopener\">ECIL - Conf\u00e9rence europ\u00e9enne sur la ma\u00eetrise de l'information<\/a><\/span><span class=\"fts-jal-fb-post-time\">3 years ago<\/span><div class=\"fts-clear\"><\/div><div class=\"fts-jal-fb-message\">Chers participants, ch\u00e8re famille ECIL, nous esp\u00e9rons que tout le monde est rentr\u00e9 chez soi et a repris ses fonctions avec bonheur. Merci pour votre participation, merci \u00e0 nos conf\u00e9renciers, \u00e0 nos pr\u00e9sentateurs et \u00e0 nos comit\u00e9s. Nous sommes toujours tr\u00e8s impressionn\u00e9s par notre \u00e9v\u00e9nement, ravis d'avoir pu rencontrer tout le monde directement \u00e0 Cracovie, de retrouver d'anciens amis et connaissances et de faire de nouvelles connaissances, pas n\u00e9cessairement uniquement dans le domaine de la science et de la recherche. Notre arbre ECIL, un tilleul, plant\u00e9 dans le cadre du th\u00e8me de la conf\u00e9rence de cette ann\u00e9e, l'exp\u00e9rience holistique de l'information. Nous esp\u00e9rons le revoir dans deux ans, \u00e0 Bamberg. Avec beaucoup d'amour, Krakow Team\u2764\ud83c\udf40\ud83e\udd70\ud83e\udd70<div class=\"fts-clear\"><\/div><\/div><\/div><div class=\"fts-jal-fb-link-wrap fts-album-photos-wrap\"><a href=\"https:\/\/www.facebook.com\/photo.php?fbid=708128274685724&#038;set=a.546941920804361&#038;type=3\" target=\"_blank\" rel=\"noreferrer nofollow noopener\" class=\"fts-jal-fb-picture\"><img decoding=\"async\" border=\"0\" alt=\"ECIL - European Conference on Information Literacy\" src=\"https:\/\/scontent-lhr8-1.xx.fbcdn.net\/v\/t39.30808-6\/482213721_1041252011373347_8983029799677230430_n.jpg?stp=dst-jpg_s960x960_tt6&#038;_nc_cat=107&#038;ccb=1-7&#038;_nc_sid=13d280&#038;_nc_ohc=iyADCR_IwOIQ7kNvwFFZcK2&#038;_nc_oc=AdrdiVIJ7yeo_HZ9kBtp6oSg-bOVwkAWhS4xwx48eu__iLoHhlM9XA6L5tCQsWMvDCc&#038;_nc_zt=23&#038;_nc_ht=scontent-lhr8-1.xx&#038;edm=AKIiGfEEAAAA&#038;_nc_gid=iJNyeFxISAKcPNwBtPkWoQ&#038;_nc_tpa=Q5bMBQFwHm-hu3PmuY1U6y3-JB3weMCRCVozelKfjPZnlNMii7_bScsK4yXwtvtwOYeHpw1Alz9PJowWDg&#038;oh=00_Af2VOYmIBg5klsR70yJfcZqhiFCCElK6daxVfsC7jYZiWA&#038;oe=69F7FB87\" title=\"\"><\/a><div class=\"slicker-facebook-album-photoshadow\"><\/div><div class=\"fts-jal-fb-description-wrap fts-photo-caption-text\"><div class=\"fts-clear\"><\/div><\/div><div class=\"fts-clear\"><\/div><\/div><div class=\"fts-clear\"><\/div><\/div><div class=\"fts-likes-shares-etc-wrap\"><div class=\"fts-share-wrap\"><a href=\"javascript:;\" class=\"ft-gallery-link-popup\" title=\"Social Share Options\"><\/a><div class=\"ft-gallery-share-wrap\"><a href=\"https:\/\/www.facebook.com\/sharer\/sharer.php?u=https:\/\/www.facebook.com\/photo.php?fbid=708128274685724&amp;set=a.546941920804361&amp;type=3\" target=\"_blank\" rel=\"noreferrer nofollow noopener\" class=\"ft-galleryfacebook-icon\" title=\"Share this post on Facebook\"><i class=\"fa fa-facebook-square\"><\/i><\/a><a href=\"https:\/\/twitter.com\/intent\/tweet?text=https:\/\/www.facebook.com\/photo.php?fbid=708128274685724&amp;set=a.546941920804361&amp;type=3+1\" target=\"_blank\" rel=\"noreferrer nofollow noopener\" class=\"ft-gallerytwitter-icon\" title=\"Share this post on Twitter\"><i class=\"fa fa-twitter\"><\/i><\/a><a href=\"https:\/\/www.linkedin.com\/shareArticle?mini=true&amp;url=https:\/\/www.facebook.com\/photo.php?fbid=708128274685724&amp;set=a.546941920804361&amp;type=3\" target=\"_blank\" rel=\"noreferrer nofollow noopener\" class=\"ft-gallerylinkedin-icon\" title=\"Share this post on Linkedin\"><i class=\"fa fa-linkedin\"><\/i><\/a><a href=\"mailto:?subject=Shared Link&amp;body=https:\/\/www.facebook.com\/photo.php?fbid=708128274685724&amp;set=a.546941920804361&amp;type=3 - 1\" target=\"_blank\" rel=\"noreferrer\" class=\"ft-galleryemail-icon\" title=\"Share this post in your email\"><i class=\"fa fa-envelope\"><\/i><\/a><\/div><\/div><a href=\"https:\/\/www.facebook.com\/photo.php?fbid=708128274685724&#038;set=a.546941920804361&#038;type=3\" target=\"_blank\" rel=\"noreferrer nofollow noopener\" class=\"fts-jal-fb-see-more\"><span class=\"fts-count-wrap fts-likes-wrap\"><\/span><span class=\"fts-count-wrap fts-comments-wrap\"><\/span><span class=\"fts-count-wrap fts-shares-wrap\"><span class='fts-count-wrap fts-shares-wrap'><i class='icon-file'><\/i>1<\/span><\/span><span class=\"fts-view-on-facebook\">Voir sur Facebook<\/span><\/a><\/div><div class=\"fts-clear\"><\/div><\/div><div class='fts-fb-photo-post-wrap fts-jal-single-fb-post' ><div  class=\"fts-jal-fb-right-wrap\"><div class=\"fts-jal-fb-top-wrap\"><div class=\"fts-jal-fb-user-thumb\"><a href=\"https:\/\/www.facebook.com\/571454716331266\" target=\"_blank\" rel=\"noreferrer nofollow noopener\"><img decoding=\"async\" border=\"0\" alt=\"ECIL - European Conference on Information Literacy\" src=\"https:\/\/scontent-lhr8-1.xx.fbcdn.net\/v\/t39.30808-1\/327139873_848774036229491_3981076868296232232_n.jpg?stp=c0.0.809.809a_cp0_dst-jpg_s50x50_tt6&amp;_nc_cat=108&amp;ccb=1-7&amp;_nc_sid=f907e8&amp;_nc_ohc=07GdFw-8WlMQ7kNvwGR5oJg&amp;_nc_oc=Ado6dzbDbV50AAYuFJ9WZ58VqeLzY_JErsioxnkSUxjmZ96Q0OPgMZVfIUnVZGx3ka0&amp;_nc_zt=24&amp;_nc_ht=scontent-lhr8-1.xx&amp;edm=AJdBtusEAAAA&amp;_nc_gid=eIAOw9wepJCAHAy0OXb8RQ&amp;_nc_tpa=Q5bMBQFuYFIm06NC89brN7IYbcwdwyuEJHlLEwP27RrSZ4VmeKV1cXhEa5wprBFb52djpjda9Jjz47LcmQ&amp;oh=00_Af20yT39WS3DLPnr-buX5uEuz3bmUPGYN-NmE2C13T4DMw&amp;oe=69F7EF10\" title=\"\"><\/a><\/div><span class=\"fts-jal-fb-user-name\"><a href=\"https:\/\/www.facebook.com\/571454716331266\" target=\"_blank\" rel=\"noreferrer nofollow noopener\">ECIL - Conf\u00e9rence europ\u00e9enne sur la ma\u00eetrise de l'information<\/a><\/span><span class=\"fts-jal-fb-post-time\">3 years ago<\/span><div class=\"fts-clear\"><\/div><div class=\"fts-jal-fb-message\">Visite de la biblioth\u00e8que Jagiellonian :<br \/>\n<br \/>\nJeudi, 12\/10\/2023<br \/>\n<br \/>\nRassemblement : 17 h 45 dans le hall principal de la biblioth\u00e8que - entr\u00e9e par la rue OLEANDRY (de l'autre c\u00f4t\u00e9 du b\u00e2timent, et non par l'avenue Mickiewicza).<br \/>\n(Photo : source :<a href=\"https:\/\/krakow.travel\/37174-krakow-biblioteka-jagiellonska)\" target=\"_blank\" rel=\"noreferrer nofollow noopener\">https:\/\/krakow.travel\/37174-krakow-biblioteka-jagiellonska)<\/a><div class=\"fts-clear\"><\/div><\/div><\/div><div class=\"fts-jal-fb-link-wrap fts-album-photos-wrap\"><a href=\"https:\/\/www.facebook.com\/photo.php?fbid=700976608734224&#038;set=a.546941920804361&#038;type=3\" target=\"_blank\" rel=\"noreferrer nofollow noopener\" class=\"fts-jal-fb-picture\"><img decoding=\"async\" border=\"0\" alt=\"ECIL - European Conference on Information Literacy\" src=\"https:\/\/scontent-lhr8-2.xx.fbcdn.net\/v\/t39.30808-6\/483524019_1041041124727769_1267101003684788531_n.jpg?stp=dst-jpg_s1080x2048_tt6&#038;_nc_cat=106&#038;ccb=1-7&#038;_nc_sid=13d280&#038;_nc_ohc=YrKO8_PugXQQ7kNvwFqCHug&#038;_nc_oc=Adrj0fjjCib-Xxeu10v2cBjfXWnNXkw-88HGaWTU8OEJPbqSpPwPZuDP1-A7H299eTo&#038;_nc_zt=23&#038;_nc_ht=scontent-lhr8-2.xx&#038;edm=AKIiGfEEAAAA&#038;_nc_gid=iJNyeFxISAKcPNwBtPkWoQ&#038;_nc_tpa=Q5bMBQGbQ1ZqZ19RywLApOelRkHZFvtZrx5kvUljhPp_cbLVh36Ed8ae-EinE7I7IFJUWZnhE2UDx-3f4g&#038;oh=00_Af1hKJLRIatt7mCEwdUWA75AHtJyJqrPu45Voc1NgpXZRQ&#038;oe=69F81641\" title=\"\"><\/a><div class=\"slicker-facebook-album-photoshadow\"><\/div><div class=\"fts-jal-fb-description-wrap fts-photo-caption-text\"><div class=\"fts-clear\"><\/div><\/div><div class=\"fts-clear\"><\/div><\/div><div class=\"fts-clear\"><\/div><\/div><div class=\"fts-likes-shares-etc-wrap\"><div class=\"fts-share-wrap\"><a href=\"javascript:;\" class=\"ft-gallery-link-popup\" title=\"Social Share Options\"><\/a><div class=\"ft-gallery-share-wrap\"><a href=\"https:\/\/www.facebook.com\/sharer\/sharer.php?u=https:\/\/www.facebook.com\/photo.php?fbid=700976608734224&amp;set=a.546941920804361&amp;type=3\" target=\"_blank\" rel=\"noreferrer nofollow noopener\" class=\"ft-galleryfacebook-icon\" title=\"Share this post on Facebook\"><i class=\"fa fa-facebook-square\"><\/i><\/a><a href=\"https:\/\/twitter.com\/intent\/tweet?text=https:\/\/www.facebook.com\/photo.php?fbid=700976608734224&amp;set=a.546941920804361&amp;type=3+1\" target=\"_blank\" rel=\"noreferrer nofollow noopener\" class=\"ft-gallerytwitter-icon\" title=\"Share this post on Twitter\"><i class=\"fa fa-twitter\"><\/i><\/a><a href=\"https:\/\/www.linkedin.com\/shareArticle?mini=true&amp;url=https:\/\/www.facebook.com\/photo.php?fbid=700976608734224&amp;set=a.546941920804361&amp;type=3\" target=\"_blank\" rel=\"noreferrer nofollow noopener\" class=\"ft-gallerylinkedin-icon\" title=\"Share this post on Linkedin\"><i class=\"fa fa-linkedin\"><\/i><\/a><a href=\"mailto:?subject=Shared Link&amp;body=https:\/\/www.facebook.com\/photo.php?fbid=700976608734224&amp;set=a.546941920804361&amp;type=3 - 1\" target=\"_blank\" rel=\"noreferrer\" class=\"ft-galleryemail-icon\" title=\"Share this post in your email\"><i class=\"fa fa-envelope\"><\/i><\/a><\/div><\/div><a href=\"https:\/\/www.facebook.com\/photo.php?fbid=700976608734224&#038;set=a.546941920804361&#038;type=3\" target=\"_blank\" rel=\"noreferrer nofollow noopener\" class=\"fts-jal-fb-see-more\"><span class=\"fts-count-wrap fts-likes-wrap\"><\/span><span class=\"fts-count-wrap fts-comments-wrap\"><\/span><span class=\"fts-count-wrap fts-shares-wrap\"><\/span><span class=\"fts-view-on-facebook\">Voir sur Facebook<\/span><\/a><\/div><div class=\"fts-clear\"><\/div><\/div><div class=\"fts-jal-single-fb-post\"><div  class=\"fts-jal-fb-right-wrap\"><div class=\"fts-jal-fb-top-wrap\"><div class=\"fts-jal-fb-user-thumb\"><a href=\"https:\/\/www.facebook.com\/571454716331266\" target=\"_blank\" rel=\"noreferrer nofollow noopener\"><img decoding=\"async\" border=\"0\" alt=\"ECIL - European Conference on Information Literacy\" src=\"https:\/\/scontent-lhr8-1.xx.fbcdn.net\/v\/t39.30808-1\/327139873_848774036229491_3981076868296232232_n.jpg?stp=c0.0.809.809a_cp0_dst-jpg_s50x50_tt6&amp;_nc_cat=108&amp;ccb=1-7&amp;_nc_sid=f907e8&amp;_nc_ohc=07GdFw-8WlMQ7kNvwGR5oJg&amp;_nc_oc=Ado6dzbDbV50AAYuFJ9WZ58VqeLzY_JErsioxnkSUxjmZ96Q0OPgMZVfIUnVZGx3ka0&amp;_nc_zt=24&amp;_nc_ht=scontent-lhr8-1.xx&amp;edm=AJdBtusEAAAA&amp;_nc_gid=eIAOw9wepJCAHAy0OXb8RQ&amp;_nc_tpa=Q5bMBQFuYFIm06NC89brN7IYbcwdwyuEJHlLEwP27RrSZ4VmeKV1cXhEa5wprBFb52djpjda9Jjz47LcmQ&amp;oh=00_Af20yT39WS3DLPnr-buX5uEuz3bmUPGYN-NmE2C13T4DMw&amp;oe=69F7EF10\" title=\"\"><\/a><\/div><span class=\"fts-jal-fb-user-name\"><a href=\"https:\/\/www.facebook.com\/571454716331266\" target=\"_blank\" rel=\"noreferrer nofollow noopener\">ECIL - Conf\u00e9rence europ\u00e9enne sur la ma\u00eetrise de l'information<\/a><\/span><span class=\"fts-jal-fb-post-time\">3 years ago<\/span><div class=\"fts-clear\"><\/div><div class=\"fts-jal-fb-message\">Si vous faites vos valises pour ECIL2023 \u00e0 Cracovie, prenez \u00e9galement quelque chose de chaud. Lundi, les temp\u00e9ratures devraient chuter de mani\u00e8re significative, avec 8 degr\u00e9s Celsius pendant la journ\u00e9e et jusqu'\u00e0 3 degr\u00e9s la nuit. \u00c0 partir de mardi, il fera un peu plus chaud, et m\u00eame jusqu'\u00e0 21 degr\u00e9s mercredi. Jetez un coup d'\u0153il ici : <div class=\"fts-clear\"><\/div><\/div><\/div><div class=\"fts-jal-fb-link-wrap\"><a href=\"https:\/\/l.facebook.com\/l.php?u=https%3A%2F%2Fwww.accuweather.com%2Fpl%2Fpl%2Fkrakow%2F274455%2Fdaily-weather-forecast%2F274455&#038;h=AT5eHJ6bj9MyAI_W9WaC8Z1aaQQOTJ7sYYn0Mf_GdfnBcGaxlIDORdRt9GqV-89ej4npNnW6hUX7_PSyhDU89ZNyFJiJJY3Mpr_GDeWpzOjBtNKGjhX3NB32yH4OnxBI&#038;s=1\" target=\"_blank\" rel=\"noreferrer nofollow noopener\" class=\"fts-jal-fb-picture\"><img decoding=\"async\" border=\"0\" alt=\"ECIL - European Conference on Information Literacy\" src=\"https:\/\/external-lhr8-1.xx.fbcdn.net\/emg1\/v\/t13\/476773650297472327?url=https%3A%2F%2Fwww.accuweather.com%2Fimages%2Flogos%2Faw-logo-og-meta.png&#038;fb_obo=1&#038;utld=accuweather.com&#038;stp=c0.5000x0.5000f_dst-emg0_p240x240_q75_tt6&#038;edm=AKIiGfEEAAAA&#038;_nc_gid=iJNyeFxISAKcPNwBtPkWoQ&#038;_nc_oc=AdoQzARWOD4qxgUOfYURKRXPfJn_93THioxgDsI58U5Fwu_E-l6ou8__IEPOIS3C6fc&#038;ccb=13-1&#038;oh=06_Q3--ATj0o_6sPLkZENYm5BRj1O_lj6WEMTfOYhVaaS51Lz6X&#038;oe=69F409AE&#038;_nc_sid=ef6713\" title=\"\"><\/a><div class=\"fts-jal-fb-description-wrap\"><a href=\"https:\/\/l.facebook.com\/l.php?u=https%3A%2F%2Fwww.accuweather.com%2Fpl%2Fpl%2Fkrakow%2F274455%2Fdaily-weather-forecast%2F274455&amp;h=AT5eHJ6bj9MyAI_W9WaC8Z1aaQQOTJ7sYYn0Mf_GdfnBcGaxlIDORdRt9GqV-89ej4npNnW6hUX7_PSyhDU89ZNyFJiJJY3Mpr_GDeWpzOjBtNKGjhX3NB32yH4OnxBI&amp;s=1\" target=\"_blank\" rel=\"noreferrer nofollow noopener\" class=\"fts-jal-fb-name\">Dzienna prognoza: Krak\u00f3w, Ma\u0142opolskie, Polska | AccuWeather<\/a><div class=\"jal-fb-description\">Sachez ce qui vous attend avec les pr\u00e9visions journali\u00e8res \u00e9tendues d'AccuWeather pour Krak\u00f3w, Ma\u0142opolskie, Polska. Jusqu'\u00e0 90 jours de hauts et de bas quotidiens, et de chances de pr\u00e9cipitations.<\/div><div class=\"jal-fb-caption\"><\/div><div class=\"fts-clear\"><\/div><\/div><div class=\"fts-clear\"><\/div><\/div><div class=\"fts-clear\"><\/div><\/div><div class=\"fts-likes-shares-etc-wrap\"><div class=\"fts-share-wrap\"><a href=\"javascript:;\" class=\"ft-gallery-link-popup\" title=\"Social Share Options\"><\/a><div class=\"ft-gallery-share-wrap\"><a href=\"https:\/\/www.facebook.com\/sharer\/sharer.php?u=https:\/\/www.facebook.com\/571454716331266_571454716331266_697946965703855\" target=\"_blank\" rel=\"noreferrer nofollow noopener\" class=\"ft-galleryfacebook-icon\" title=\"Share this post on Facebook\"><i class=\"fa fa-facebook-square\"><\/i><\/a><a href=\"https:\/\/twitter.com\/intent\/tweet?text=https:\/\/www.facebook.com\/571454716331266_571454716331266_697946965703855+1\" target=\"_blank\" rel=\"noreferrer nofollow noopener\" class=\"ft-gallerytwitter-icon\" title=\"Share this post on Twitter\"><i class=\"fa fa-twitter\"><\/i><\/a><a href=\"https:\/\/www.linkedin.com\/shareArticle?mini=true&amp;url=https:\/\/www.facebook.com\/571454716331266_571454716331266_697946965703855\" target=\"_blank\" rel=\"noreferrer nofollow noopener\" class=\"ft-gallerylinkedin-icon\" title=\"Share this post on Linkedin\"><i class=\"fa fa-linkedin\"><\/i><\/a><a href=\"mailto:?subject=Shared Link&amp;body=https:\/\/www.facebook.com\/571454716331266_571454716331266_697946965703855 - 1\" target=\"_blank\" rel=\"noreferrer\" class=\"ft-galleryemail-icon\" title=\"Share this post in your email\"><i class=\"fa fa-envelope\"><\/i><\/a><\/div><\/div><a href=\"https:\/\/www.facebook.com\/571454716331266_571454716331266_697946965703855\" target=\"_blank\" rel=\"noreferrer nofollow noopener\" class=\"fts-jal-fb-see-more\"><span class=\"fts-count-wrap fts-likes-wrap\"><\/span><span class=\"fts-count-wrap fts-comments-wrap\"><\/span><span class=\"fts-count-wrap fts-shares-wrap\"><\/span><span class=\"fts-view-on-facebook\">Voir sur Facebook<\/span><\/a><\/div><div class=\"fts-clear\"><\/div><\/div><div class=\"fts-jal-single-fb-post\"><div  class=\"fts-jal-fb-right-wrap\"><div class=\"fts-jal-fb-top-wrap\"><div class=\"fts-jal-fb-user-thumb\"><a href=\"https:\/\/www.facebook.com\/571454716331266\" target=\"_blank\" rel=\"noreferrer nofollow noopener\"><img decoding=\"async\" border=\"0\" alt=\"ECIL - European Conference on Information Literacy\" src=\"https:\/\/scontent-lhr8-1.xx.fbcdn.net\/v\/t39.30808-1\/327139873_848774036229491_3981076868296232232_n.jpg?stp=c0.0.809.809a_cp0_dst-jpg_s50x50_tt6&amp;_nc_cat=108&amp;ccb=1-7&amp;_nc_sid=f907e8&amp;_nc_ohc=07GdFw-8WlMQ7kNvwGR5oJg&amp;_nc_oc=Ado6dzbDbV50AAYuFJ9WZ58VqeLzY_JErsioxnkSUxjmZ96Q0OPgMZVfIUnVZGx3ka0&amp;_nc_zt=24&amp;_nc_ht=scontent-lhr8-1.xx&amp;edm=AJdBtusEAAAA&amp;_nc_gid=eIAOw9wepJCAHAy0OXb8RQ&amp;_nc_tpa=Q5bMBQFuYFIm06NC89brN7IYbcwdwyuEJHlLEwP27RrSZ4VmeKV1cXhEa5wprBFb52djpjda9Jjz47LcmQ&amp;oh=00_Af20yT39WS3DLPnr-buX5uEuz3bmUPGYN-NmE2C13T4DMw&amp;oe=69F7EF10\" title=\"\"><\/a><\/div><span class=\"fts-jal-fb-user-name\"><a href=\"https:\/\/www.facebook.com\/571454716331266\" target=\"_blank\" rel=\"noreferrer nofollow noopener\">ECIL - Conf\u00e9rence europ\u00e9enne sur la ma\u00eetrise de l'information<\/a><\/span><span class=\"fts-jal-fb-post-time\">3 years ago<\/span><div class=\"fts-clear\"><\/div><div class=\"fts-jal-fb-message\">Chers participants, nous avons le plaisir de vous annoncer que le programme officiel de la Conf\u00e9rence europ\u00e9enne sur la ma\u00eetrise de l'information est maintenant publi\u00e9\ud83e\udd70 Lien vers le programme : <div class=\"fts-clear\"><\/div><\/div><\/div><div class=\"fts-jal-fb-link-wrap\"><a href=\"https:\/\/l.facebook.com\/l.php?u=https%3A%2F%2Fwww.conftool.com%2Fecil2023%2Fsessions.php&#038;h=AT6FgbTtEvOxPcO3qFjrVLypRpUiSJaKpKGsKgrBIX9MHxVfcw_3qSf-u5xSD-GhnIsT3XKDnsMsf0gy5AUCHrHQetCN6gOyeV1eCQ9xWdKSzQPLyofZ2fu17ZhuFrXN&#038;s=1\" target=\"_blank\" rel=\"noreferrer nofollow noopener\" class=\"fts-jal-fb-picture\"><img decoding=\"async\" border=\"0\" alt=\"ECIL - European Conference on Information Literacy\" src=\"https:\/\/external-lhr8-1.xx.fbcdn.net\/emg1\/v\/t13\/2276665026029861690?url=https%3A%2F%2Fwww.conftool.com%2Fecil2023%2Fheader.jpg&#038;fb_obo=1&#038;utld=conftool.com&#038;stp=c0.5000x0.5000f_dst-emg0_p210x210_q75_tt6&#038;edm=AKIiGfEEAAAA&#038;_nc_gid=iJNyeFxISAKcPNwBtPkWoQ&#038;_nc_oc=AdpdzTc6iSVXcZ4iwN0zKzC0H3wiaGAm4bMM_DRpMD17kGnPF47a8S1E1DOjJwnT6-A&#038;ccb=13-1&#038;oh=06_Q3--AazY7s3YUxCaxAwGaL_pJs7fXZLfY-RMvSGzqsESuI7u&#038;oe=69F41AD6&#038;_nc_sid=ef6713\" title=\"\"><\/a><div class=\"fts-jal-fb-description-wrap\"><a href=\"https:\/\/l.facebook.com\/l.php?u=https%3A%2F%2Fwww.conftool.com%2Fecil2023%2Fsessions.php&amp;h=AT6FgbTtEvOxPcO3qFjrVLypRpUiSJaKpKGsKgrBIX9MHxVfcw_3qSf-u5xSD-GhnIsT3XKDnsMsf0gy5AUCHrHQetCN6gOyeV1eCQ9xWdKSzQPLyofZ2fu17ZhuFrXN&amp;s=1\" target=\"_blank\" rel=\"noreferrer nofollow noopener\" class=\"fts-jal-fb-name\">ECIL 2023 - ConfTool Pro - BrowseSessions<\/a><div class=\"jal-fb-description\">Aper\u00e7u et d\u00e9tails des sessions de cette conf\u00e9rence. Veuillez s\u00e9lectionner une date ou un lieu pour afficher uniquement les sessions de ce jour ou de ce lieu. Veuillez s\u00e9lectionner une seule session pour obtenir une vue d\u00e9taill\u00e9e (avec les r\u00e9sum\u00e9s et les t\u00e9l\u00e9chargements s'ils sont disponibles).<\/div><div class=\"jal-fb-caption\"><\/div><div class=\"fts-clear\"><\/div><\/div><div class=\"fts-clear\"><\/div><\/div><div class=\"fts-clear\"><\/div><\/div><div class=\"fts-likes-shares-etc-wrap\"><div class=\"fts-share-wrap\"><a href=\"javascript:;\" class=\"ft-gallery-link-popup\" title=\"Social Share Options\"><\/a><div class=\"ft-gallery-share-wrap\"><a href=\"https:\/\/www.facebook.com\/sharer\/sharer.php?u=https:\/\/www.facebook.com\/571454716331266_571454716331266_683566643808554\" target=\"_blank\" rel=\"noreferrer nofollow noopener\" class=\"ft-galleryfacebook-icon\" title=\"Share this post on Facebook\"><i class=\"fa fa-facebook-square\"><\/i><\/a><a href=\"https:\/\/twitter.com\/intent\/tweet?text=https:\/\/www.facebook.com\/571454716331266_571454716331266_683566643808554+1\" target=\"_blank\" rel=\"noreferrer nofollow noopener\" class=\"ft-gallerytwitter-icon\" title=\"Share this post on Twitter\"><i class=\"fa fa-twitter\"><\/i><\/a><a href=\"https:\/\/www.linkedin.com\/shareArticle?mini=true&amp;url=https:\/\/www.facebook.com\/571454716331266_571454716331266_683566643808554\" target=\"_blank\" rel=\"noreferrer nofollow noopener\" class=\"ft-gallerylinkedin-icon\" title=\"Share this post on Linkedin\"><i class=\"fa fa-linkedin\"><\/i><\/a><a href=\"mailto:?subject=Shared Link&amp;body=https:\/\/www.facebook.com\/571454716331266_571454716331266_683566643808554 - 1\" target=\"_blank\" rel=\"noreferrer\" class=\"ft-galleryemail-icon\" title=\"Share this post in your email\"><i class=\"fa fa-envelope\"><\/i><\/a><\/div><\/div><a href=\"https:\/\/www.facebook.com\/571454716331266_571454716331266_683566643808554\" target=\"_blank\" rel=\"noreferrer nofollow noopener\" class=\"fts-jal-fb-see-more\"><span class=\"fts-count-wrap fts-likes-wrap\"><\/span><span class=\"fts-count-wrap fts-comments-wrap\"><\/span><span class=\"fts-count-wrap fts-shares-wrap\"><\/span><span class=\"fts-view-on-facebook\">Voir sur Facebook<\/span><\/a><\/div><div class=\"fts-clear\"><\/div><\/div><div class='fts-fb-photo-post-wrap fts-jal-single-fb-post' ><div  class=\"fts-jal-fb-right-wrap\"><div class=\"fts-jal-fb-top-wrap\"><div class=\"fts-jal-fb-user-thumb\"><a href=\"https:\/\/www.facebook.com\/571454716331266\" target=\"_blank\" rel=\"noreferrer nofollow noopener\"><img decoding=\"async\" border=\"0\" alt=\"ECIL - European Conference on Information Literacy\" src=\"https:\/\/scontent-lhr8-1.xx.fbcdn.net\/v\/t39.30808-1\/327139873_848774036229491_3981076868296232232_n.jpg?stp=c0.0.809.809a_cp0_dst-jpg_s50x50_tt6&amp;_nc_cat=108&amp;ccb=1-7&amp;_nc_sid=f907e8&amp;_nc_ohc=07GdFw-8WlMQ7kNvwGR5oJg&amp;_nc_oc=Ado6dzbDbV50AAYuFJ9WZ58VqeLzY_JErsioxnkSUxjmZ96Q0OPgMZVfIUnVZGx3ka0&amp;_nc_zt=24&amp;_nc_ht=scontent-lhr8-1.xx&amp;edm=AJdBtusEAAAA&amp;_nc_gid=eIAOw9wepJCAHAy0OXb8RQ&amp;_nc_tpa=Q5bMBQFuYFIm06NC89brN7IYbcwdwyuEJHlLEwP27RrSZ4VmeKV1cXhEa5wprBFb52djpjda9Jjz47LcmQ&amp;oh=00_Af20yT39WS3DLPnr-buX5uEuz3bmUPGYN-NmE2C13T4DMw&amp;oe=69F7EF10\" title=\"\"><\/a><\/div><span class=\"fts-jal-fb-user-name\"><a href=\"https:\/\/www.facebook.com\/571454716331266\" target=\"_blank\" rel=\"noreferrer nofollow noopener\">ECIL - Conf\u00e9rence europ\u00e9enne sur la ma\u00eetrise de l'information<\/a><\/span><span class=\"fts-jal-fb-post-time\">3 years ago<\/span><div class=\"fts-clear\"><\/div><div class=\"fts-jal-fb-message\">Remember that you can still take part in the October edition of our international&scientific conference ECIL2023. <br \/>\nAs a fully professional and key event in the field of social communication and media sciences, information, information literacy and information culture, we have the patronage of UNESCO, His Magnificence the Rector of the Jagiellonian University and the Mayor of the City of Krakow. All relevant registration information can be found at: <a href=\"https:\/\/ecil2023.ilconf.org\/registration\/\" target=\"_blank\" rel=\"noreferrer nofollow noopener\">https:\/\/ecil2023.ilconf.org\/registration\/<\/a><br \/>\nYou can register via the system:<br \/>\n<a href=\"https:\/\/www.conftool.com\/ecil2023\/\" target=\"_blank\" rel=\"noreferrer nofollow noopener\">https:\/\/www.conftool.com\/ecil2023\/<\/a> <br \/>\n<br \/>\nP.S Yes, we even have a sculpture by Igor Mitoraj in Krakow \u2764\ud83e\udd70<div class=\"fts-clear\"><\/div><\/div><\/div><div class=\"fts-jal-fb-link-wrap fts-album-photos-wrap\"><a href=\"https:\/\/www.facebook.com\/photo.php?fbid=665305172301368&#038;set=a.546941920804361&#038;type=3\" target=\"_blank\" rel=\"noreferrer nofollow noopener\" class=\"fts-jal-fb-picture\"><img decoding=\"async\" border=\"0\" alt=\"ECIL - European Conference on Information Literacy\" src=\"https:\/\/scontent-lhr6-2.xx.fbcdn.net\/v\/t39.30808-6\/481667177_1038076335024248_4376177197731907871_n.jpg?stp=cp1_dst-jpg_p720x720_tt6&#038;_nc_cat=100&#038;ccb=1-7&#038;_nc_sid=13d280&#038;_nc_ohc=HTFWNKimUr0Q7kNvwHXn6gH&#038;_nc_oc=Adpm7CsPmLG_9IrzD3aFycXApBm-r5OvKoi5jduTRJ-OQZgRyYL0KKnJxbxBFaaJEhM&#038;_nc_zt=23&#038;_nc_ht=scontent-lhr6-2.xx&#038;edm=AKIiGfEEAAAA&#038;_nc_gid=iJNyeFxISAKcPNwBtPkWoQ&#038;_nc_tpa=Q5bMBQHpy4wpNq-A6fuKoCDpmPFfW42FrjQupXRXrrfhSEbD5vrFC2psnS9PvMLERB2B7BufnbG5jENvQQ&#038;oh=00_Af3Fm7DUslPLJP-QTSJEt26akSXY9KORxxs-HyJb-Zp3CA&#038;oe=69F7FE18\" title=\"\"><\/a><div class=\"slicker-facebook-album-photoshadow\"><\/div><div class=\"fts-jal-fb-description-wrap fts-photo-caption-text\"><div class=\"fts-clear\"><\/div><\/div><div class=\"fts-clear\"><\/div><\/div><div class=\"fts-clear\"><\/div><\/div><div class=\"fts-likes-shares-etc-wrap\"><div class=\"fts-share-wrap\"><a href=\"javascript:;\" class=\"ft-gallery-link-popup\" title=\"Social Share Options\"><\/a><div class=\"ft-gallery-share-wrap\"><a href=\"https:\/\/www.facebook.com\/sharer\/sharer.php?u=https:\/\/www.facebook.com\/photo.php?fbid=665305172301368&amp;set=a.546941920804361&amp;type=3\" target=\"_blank\" rel=\"noreferrer nofollow noopener\" class=\"ft-galleryfacebook-icon\" title=\"Share this post on Facebook\"><i class=\"fa fa-facebook-square\"><\/i><\/a><a href=\"https:\/\/twitter.com\/intent\/tweet?text=https:\/\/www.facebook.com\/photo.php?fbid=665305172301368&amp;set=a.546941920804361&amp;type=3+1\" target=\"_blank\" rel=\"noreferrer nofollow noopener\" class=\"ft-gallerytwitter-icon\" title=\"Share this post on Twitter\"><i class=\"fa fa-twitter\"><\/i><\/a><a href=\"https:\/\/www.linkedin.com\/shareArticle?mini=true&amp;url=https:\/\/www.facebook.com\/photo.php?fbid=665305172301368&amp;set=a.546941920804361&amp;type=3\" target=\"_blank\" rel=\"noreferrer nofollow noopener\" class=\"ft-gallerylinkedin-icon\" title=\"Share this post on Linkedin\"><i class=\"fa fa-linkedin\"><\/i><\/a><a href=\"mailto:?subject=Shared Link&amp;body=https:\/\/www.facebook.com\/photo.php?fbid=665305172301368&amp;set=a.546941920804361&amp;type=3 - 1\" target=\"_blank\" rel=\"noreferrer\" class=\"ft-galleryemail-icon\" title=\"Share this post in your email\"><i class=\"fa fa-envelope\"><\/i><\/a><\/div><\/div><a href=\"https:\/\/www.facebook.com\/photo.php?fbid=665305172301368&#038;set=a.546941920804361&#038;type=3\" target=\"_blank\" rel=\"noreferrer nofollow noopener\" class=\"fts-jal-fb-see-more\"><span class=\"fts-count-wrap fts-likes-wrap\"><\/span><span class=\"fts-count-wrap fts-comments-wrap\"><\/span><span class=\"fts-count-wrap fts-shares-wrap\"><span class='fts-count-wrap fts-shares-wrap'><i class='icon-file'><\/i>5<\/span><\/span><span class=\"fts-view-on-facebook\">Voir sur Facebook<\/span><\/a><\/div><div class=\"fts-clear\"><\/div><\/div><div class=\"fts-jal-single-fb-post\"><div  class=\"fts-jal-fb-right-wrap\"><div class=\"fts-jal-fb-top-wrap\"><div class=\"fts-jal-fb-user-thumb\"><a href=\"https:\/\/www.facebook.com\/571454716331266\" target=\"_blank\" rel=\"noreferrer nofollow noopener\"><img decoding=\"async\" border=\"0\" alt=\"ECIL - European Conference on Information Literacy\" src=\"https:\/\/scontent-lhr8-1.xx.fbcdn.net\/v\/t39.30808-1\/327139873_848774036229491_3981076868296232232_n.jpg?stp=c0.0.809.809a_cp0_dst-jpg_s50x50_tt6&amp;_nc_cat=108&amp;ccb=1-7&amp;_nc_sid=f907e8&amp;_nc_ohc=07GdFw-8WlMQ7kNvwGR5oJg&amp;_nc_oc=Ado6dzbDbV50AAYuFJ9WZ58VqeLzY_JErsioxnkSUxjmZ96Q0OPgMZVfIUnVZGx3ka0&amp;_nc_zt=24&amp;_nc_ht=scontent-lhr8-1.xx&amp;edm=AJdBtusEAAAA&amp;_nc_gid=eIAOw9wepJCAHAy0OXb8RQ&amp;_nc_tpa=Q5bMBQFuYFIm06NC89brN7IYbcwdwyuEJHlLEwP27RrSZ4VmeKV1cXhEa5wprBFb52djpjda9Jjz47LcmQ&amp;oh=00_Af20yT39WS3DLPnr-buX5uEuz3bmUPGYN-NmE2C13T4DMw&amp;oe=69F7EF10\" title=\"\"><\/a><\/div><span class=\"fts-jal-fb-user-name\"><a href=\"https:\/\/www.facebook.com\/571454716331266\" target=\"_blank\" rel=\"noreferrer nofollow noopener\">ECIL - Conf\u00e9rence europ\u00e9enne sur la ma\u00eetrise de l'information<\/a><\/span><span class=\"fts-jal-fb-post-time\">3 years ago<\/span><div class=\"fts-clear\"><\/div><div class=\"fts-jal-fb-message\">Ch\u00e8re communaut\u00e9 de l'ECIL, Chers participants,<br \/>\n<br \/>\nNous sommes ravis d'informer que le Directeur g\u00e9n\u00e9ral a d\u00e9cid\u00e9 d'accorder le patronage de l'UNESCO \u00e0 l'ECIL : Conf\u00e9rence europ\u00e9enne sur la ma\u00eetrise de l'information (ECIL2023) qui se tiendra \u00e0 Cracovie, en Pologne, du 9 au 12 octobre 2023 \u2764. <br \/>\n<br \/>\nNous sommes reconnaissants \u00e0 l'UNESCO de soutenir notre travail depuis de nombreuses ann\u00e9es en parrainant notre conf\u00e9rence ECIL.\ud83e\udd70<div class=\"fts-clear\"><\/div><\/div><\/div><div class=\"fts-clear\"><\/div><\/div><div class=\"fts-likes-shares-etc-wrap\"><div class=\"fts-share-wrap\"><a href=\"javascript:;\" class=\"ft-gallery-link-popup\" title=\"Social Share Options\"><\/a><div class=\"ft-gallery-share-wrap\"><a href=\"https:\/\/www.facebook.com\/sharer\/sharer.php?u=https:\/\/www.facebook.com\/571454716331266_571454716331266_664069315758287\" target=\"_blank\" rel=\"noreferrer nofollow noopener\" class=\"ft-galleryfacebook-icon\" title=\"Share this post on Facebook\"><i class=\"fa fa-facebook-square\"><\/i><\/a><a href=\"https:\/\/twitter.com\/intent\/tweet?text=https:\/\/www.facebook.com\/571454716331266_571454716331266_664069315758287+1\" target=\"_blank\" rel=\"noreferrer nofollow noopener\" class=\"ft-gallerytwitter-icon\" title=\"Share this post on Twitter\"><i class=\"fa fa-twitter\"><\/i><\/a><a href=\"https:\/\/www.linkedin.com\/shareArticle?mini=true&amp;url=https:\/\/www.facebook.com\/571454716331266_571454716331266_664069315758287\" target=\"_blank\" rel=\"noreferrer nofollow noopener\" class=\"ft-gallerylinkedin-icon\" title=\"Share this post on Linkedin\"><i class=\"fa fa-linkedin\"><\/i><\/a><a href=\"mailto:?subject=Shared Link&amp;body=https:\/\/www.facebook.com\/571454716331266_571454716331266_664069315758287 - 1\" target=\"_blank\" rel=\"noreferrer\" class=\"ft-galleryemail-icon\" title=\"Share this post in your email\"><i class=\"fa fa-envelope\"><\/i><\/a><\/div><\/div><a href=\"https:\/\/www.facebook.com\/571454716331266_571454716331266_664069315758287\" target=\"_blank\" rel=\"noreferrer nofollow noopener\" class=\"fts-jal-fb-see-more\"><span class=\"fts-count-wrap fts-likes-wrap\"><\/span><span class=\"fts-count-wrap fts-comments-wrap\"><\/span><span class=\"fts-count-wrap fts-shares-wrap\"><span class='fts-count-wrap fts-shares-wrap'><i class='icon-file'><\/i>1<\/span><\/span><span class=\"fts-view-on-facebook\">Voir sur Facebook<\/span><\/a><\/div><div class=\"fts-clear\"><\/div><\/div><\/div><div class=\"fts-clear\"><\/div><div id=\"fb-root\"><\/div>","protected":false},"excerpt":{"rendered":"<p>The European Conference on Information Literacy (ECIL) is a prestigious international conference that has been organized since 2013 by the Department of Information Management of Hacettepe University in Turkey and the Department of Information and Communication Sciences of Zagreb University in Croatia. In 2016, ECIL welcomed a new co-organizer, InLitAs. ECIL is an interdisciplinary conference [&hellip;]<\/p>","protected":false},"author":1,"featured_media":0,"parent":0,"menu_order":0,"comment_status":"closed","ping_status":"closed","template":"","meta":{"_uag_custom_page_level_css":"","site-sidebar-layout":"default","site-content-layout":"","ast-site-content-layout":"default","site-content-style":"default","site-sidebar-style":"default","ast-global-header-display":"","ast-banner-title-visibility":"","ast-main-header-display":"","ast-hfb-above-header-display":"","ast-hfb-below-header-display":"","ast-hfb-mobile-header-display":"","site-post-title":"disabled","ast-breadcrumbs-content":"","ast-featured-img":"","footer-sml-layout":"","theme-transparent-header-meta":"","adv-header-id-meta":"","stick-header-meta":"","header-above-stick-meta":"","header-main-stick-meta":"","header-below-stick-meta":"","astra-migrate-meta-layouts":"set","ast-page-background-enabled":"default","ast-page-background-meta":{"desktop":{"background-color":"var(--ast-global-color-4)","background-image":"","background-repeat":"repeat","background-position":"center center","background-size":"auto","background-attachment":"scroll","background-type":"","background-media":"","overlay-type":"","overlay-color":"","overlay-opacity":"","overlay-gradient":""},"tablet":{"background-color":"","background-image":"","background-repeat":"repeat","background-position":"center center","background-size":"auto","background-attachment":"scroll","background-type":"","background-media":"","overlay-type":"","overlay-color":"","overlay-opacity":"","overlay-gradient":""},"mobile":{"background-color":"","background-image":"","background-repeat":"repeat","background-position":"center center","background-size":"auto","background-attachment":"scroll","background-type":"","background-media":"","overlay-type":"","overlay-color":"","overlay-opacity":"","overlay-gradient":""}},"ast-content-background-meta":{"desktop":{"background-color":"var(--ast-global-color-5)","background-image":"","background-repeat":"repeat","background-position":"center center","background-size":"auto","background-attachment":"scroll","background-type":"","background-media":"","overlay-type":"","overlay-color":"","overlay-opacity":"","overlay-gradient":""},"tablet":{"background-color":"var(--ast-global-color-5)","background-image":"","background-repeat":"repeat","background-position":"center center","background-size":"auto","background-attachment":"scroll","background-type":"","background-media":"","overlay-type":"","overlay-color":"","overlay-opacity":"","overlay-gradient":""},"mobile":{"background-color":"var(--ast-global-color-5)","background-image":"","background-repeat":"repeat","background-position":"center center","background-size":"auto","background-attachment":"scroll","background-type":"","background-media":"","overlay-type":"","overlay-color":"","overlay-opacity":"","overlay-gradient":""}},"footnotes":""},"class_list":["post-613","page","type-page","status-publish","hentry"],"uagb_featured_image_src":{"full":false,"thumbnail":false,"medium":false,"medium_large":false,"large":false,"1536x1536":false,"2048x2048":false,"trp-custom-language-flag":false},"uagb_author_info":{"display_name":"InLitAs","author_link":"https:\/\/inlitas.org\/fr\/author\/admin\/"},"uagb_comment_info":0,"uagb_excerpt":"The European Conference on Information Literacy (ECIL) is a prestigious international conference that has been organized since 2013 by the Department of Information Management of Hacettepe University in Turkey and the Department of Information and Communication Sciences of Zagreb University in Croatia. In 2016, ECIL welcomed a new co-organizer, InLitAs. ECIL is an interdisciplinary conference\u2026","_links":{"self":[{"href":"https:\/\/inlitas.org\/fr\/wp-json\/wp\/v2\/pages\/613","targetHints":{"allow":["GET"]}}],"collection":[{"href":"https:\/\/inlitas.org\/fr\/wp-json\/wp\/v2\/pages"}],"about":[{"href":"https:\/\/inlitas.org\/fr\/wp-json\/wp\/v2\/types\/page"}],"author":[{"embeddable":true,"href":"https:\/\/inlitas.org\/fr\/wp-json\/wp\/v2\/users\/1"}],"replies":[{"embeddable":true,"href":"https:\/\/inlitas.org\/fr\/wp-json\/wp\/v2\/comments?post=613"}],"version-history":[{"count":11,"href":"https:\/\/inlitas.org\/fr\/wp-json\/wp\/v2\/pages\/613\/revisions"}],"predecessor-version":[{"id":2119,"href":"https:\/\/inlitas.org\/fr\/wp-json\/wp\/v2\/pages\/613\/revisions\/2119"}],"wp:attachment":[{"href":"https:\/\/inlitas.org\/fr\/wp-json\/wp\/v2\/media?parent=613"}],"curies":[{"name":"wp","href":"https:\/\/api.w.org\/{rel}","templated":true}]}}